{"id":3984,"date":"2026-03-16T14:34:06","date_gmt":"2026-03-16T14:34:06","guid":{"rendered":"https:\/\/www.tarikahmet.com\/chirurgie-de-correction-de-la-machoire\/"},"modified":"2026-07-14T08:28:21","modified_gmt":"2026-07-14T08:28:21","slug":"chirurgie-de-correction-de-la-machoire","status":"publish","type":"page","link":"https:\/\/www.tarikahmet.com\/fr\/chirurgie-de-correction-de-la-machoire\/","title":{"rendered":"Chirurgie de correction de la m\u00e2choire"},"content":{"rendered":"\t\t<div data-elementor-type=\"wp-page\" data-elementor-id=\"3984\" class=\"elementor elementor-3984 elementor-3500\">\n\t\t\t\t<div class=\"elementor-element elementor-element-960dc75 e-flex e-con-boxed pxl-column-none pxl-row-scroll-none pxl-zoom-point-false pxl-section-overflow-visible pxl-section-fix-none pxl-full-content-with-space-none pxl-bg-color-none pxl-section-overlay-none e-con e-parent \" data-id=\"960dc75\" data-element_type=\"container\">\t\t\t<div class=\"e-con-inner\">\r\n\t\t<div class=\"elementor-element elementor-element-10a6538 e-con-full e-flex pxl-column-none pxl-row-scroll-none pxl-zoom-point-false pxl-section-overflow-visible pxl-section-fix-none pxl-full-content-with-space-none pxl-bg-color-none pxl-section-overlay-none e-con e-child \" data-id=\"10a6538\" data-element_type=\"container\"><div class=\"elementor-element elementor-element-48d5b4c e-con-full e-flex pxl-column-none pxl-row-scroll-none pxl-zoom-point-false pxl-section-overflow-visible pxl-section-fix-none pxl-full-content-with-space-none pxl-bg-color-none pxl-section-overlay-none e-con e-child \" data-id=\"48d5b4c\" data-element_type=\"container\">\t\t<div class=\"elementor-element elementor-element-0a51e32 elementor-widget elementor-widget-pxl_image\" data-id=\"0a51e32\" data-element_type=\"widget\" data-widget_type=\"pxl_image.default\">\n\t\t\t\t<div class=\"elementor-widget-container\">\n\t\t\t\t\t<div id=\"pxl_image-0a51e32-4106\" class=\"pxl-image-single  style-default wow zoomInSmall\" data-wow-delay=\"300ms\" >\r\n    <div class=\"pxl-item--inner \" data-wow-delay=\"120ms\">\r\n        \r\n                                <div class=\"pxl-item--bg bg-image wow scaleIn\" data-wow-delay=\"300ms\" style=\"background-image: url(https:\/\/www.tarikahmet.com\/wp-content\/uploads\/2026\/03\/ceneduzeltme1.png);\"><\/div>\r\n                                <\/div>\r\n<\/div>\t\t\t\t<\/div>\n\t\t\t\t<\/div>\n\t\t\t\t<\/div>\r\n\t\t<div class=\"elementor-element elementor-element-7f54c12 e-con-full e-flex pxl-column-none pxl-row-scroll-none pxl-zoom-point-false pxl-section-overflow-visible pxl-section-fix-none pxl-full-content-with-space-none pxl-bg-color-none pxl-section-overlay-none e-con e-child \" data-id=\"7f54c12\" data-element_type=\"container\">\t\t<div class=\"elementor-element elementor-element-b42a622 elementor-widget elementor-widget-pxl_image\" data-id=\"b42a622\" data-element_type=\"widget\" data-widget_type=\"pxl_image.default\">\n\t\t\t\t<div class=\"elementor-widget-container\">\n\t\t\t\t\t<div id=\"pxl_image-b42a622-6309\" class=\"pxl-image-single  style-default wow zoomInSmall\" data-wow-delay=\"500ms\" >\r\n    <div class=\"pxl-item--inner \" data-wow-delay=\"120ms\">\r\n        \r\n                                <div class=\"pxl-item--bg bg-image wow scaleIn\" data-wow-delay=\"500ms\" style=\"background-image: url(https:\/\/www.tarikahmet.com\/wp-content\/uploads\/2026\/03\/ceneduzeltme2.png);\"><\/div>\r\n                                <\/div>\r\n<\/div>\t\t\t\t<\/div>\n\t\t\t\t<\/div>\n\t\t\t\t<\/div>\r\n\t\t\t\t<\/div>\r\n\t\t<div class=\"elementor-element elementor-element-f1cfdef e-con-full e-flex pxl-column-none pxl-row-scroll-none pxl-zoom-point-false pxl-section-overflow-visible pxl-section-fix-none pxl-full-content-with-space-none pxl-bg-color-none pxl-section-overlay-none e-con e-child \" data-id=\"f1cfdef\" data-element_type=\"container\">\t\t<div class=\"elementor-element elementor-element-f535c9a elementor-widget elementor-widget-pxl_heading\" data-id=\"f535c9a\" data-element_type=\"widget\" data-widget_type=\"pxl_heading.default\">\n\t\t\t\t<div class=\"elementor-widget-container\">\n\t\t\t\t\t<div id=\"pxl-pxl_heading-f535c9a-8848\" class=\"pxl-heading px-sub-title-default-style\">\n\t<div class=\"pxl-heading--inner\">\n\t\t\n\t\t\t\t\t<div class=\"pxl-item--subtitle px-sub-title-default wow fadeInUp\" data-wow-delay=\"300ms\">\n\t\t\t\t\t\t\t\t<span class=\"pxl-item--subtext\">\n\t\t\t\t\tDt. Tar\u0131k Ahmet \t\t\t\t<\/span>\n\t\t\t<\/div>\n\t\t\n\t\t<h2 class=\"pxl-item--title wow fadeInUp\" data-wow-delay=\"400ms\">\n\t\t\tQu\u2019est-ce que la chirurgie correctrice de la m\u00e2choire ?\t\t\n\t\t<\/h2>\n\n\t\t\t\t\n\t<\/div>\n<\/div>\t\t\t\t<\/div>\n\t\t\t\t<\/div>\n\t\t\t\t<div class=\"elementor-element elementor-element-a180412 elementor-widget elementor-widget-pxl_text_editor\" data-id=\"a180412\" data-element_type=\"widget\" data-widget_type=\"pxl_text_editor.default\">\n\t\t\t\t<div class=\"elementor-widget-container\">\n\t\t\t\t\t<div id=\"pxl_text_editor-a180412-5132\" class=\"pxl-image-wg\" duration=\"1\">\n\t<div class=\"pxl-text-editor\">\n\t\t<div class=\"pxl-item--inner wow fadeInUp\" data-wow-delay=\"500ms\">\n\t\t\t<p class=\"p1\">La chirurgie correctrice de la m\u00e2choire est une op\u00e9ration permettant de repositionner chirurgicalement les os de la m\u00e2choire inf\u00e9rieure (mandibule) et de la m\u00e2choire sup\u00e9rieure (maxillaire).<\/p>\n<p class=\"p1\">Lors de cette intervention, les os de la m\u00e2choire sont sectionn\u00e9s de mani\u00e8re contr\u00f4l\u00e9e \u00e0 certains points, repositionn\u00e9s dans leur emplacement id\u00e9al puis fix\u00e9s \u00e0 l\u2019aide de plaques en titane. Ainsi, les d\u00e9s\u00e9quilibres de la structure maxillaire sont corrig\u00e9s et une apparence harmonieuse du profil facial est obtenue. <\/p>\n\t\t\n\t\t<\/div>\n\t<\/div>\n<\/div>\t\t\t\t<\/div>\n\t\t\t\t<\/div>\n\t\t\t\t<div class=\"elementor-element elementor-element-376de01 elementor-widget elementor-widget-pxl_button\" data-id=\"376de01\" data-element_type=\"widget\" data-widget_type=\"pxl_button.default\">\n\t\t\t\t<div class=\"elementor-widget-container\">\n\t\t\t\t\t<div id=\"pxl-pxl_button-376de01-3421\" class=\"pxl-button pxl-atc-link wow fadeInUp\" data-wow-delay=\"700ms\">\r\n    <a href=\"https:\/\/www.tarikahmet.com\/booking\/\" class=\"btn pxl-icon-active btn-default wow fadeInUp pxl-icon--left\" data-wow-delay=\"700ms\" data-onepage-offset=\"\">\r\n        \r\n                \r\n        <span class=\"pxl--btn-text\" data-text=\"Prendre Rendez-vous\">\r\n            Prendre Rendez-vous        <\/span>\r\n        \r\n                    <span class=\"pxl--text-wrap\">\r\n                <span class=\"pxl--btn-text1\">Prendre Rendez-vous<\/span>\r\n                <span class=\"pxl--btn-text2\">Prendre Rendez-vous<\/span>\r\n            <\/span>\r\n         \r\n\r\n    <\/a>\r\n<\/div>\t\t\t\t<\/div>\n\t\t\t\t<\/div>\n\t\t\t\t<\/div>\r\n\t\t\t\t\t<\/div>\r\n\t\t\t\t<\/div>\r\n\t\t<div class=\"elementor-element elementor-element-791ae50 e-flex e-con-boxed pxl-column-none pxl-row-scroll-none pxl-zoom-point-false pxl-section-overflow-visible pxl-section-fix-none pxl-full-content-with-space-none pxl-bg-color-none pxl-section-overlay-none e-con e-parent \" data-id=\"791ae50\" data-element_type=\"container\">\t\t\t<div class=\"e-con-inner\">\r\n\t\t\t\t<div class=\"elementor-element elementor-element-f5fc3dd elementor-widget elementor-widget-text-editor\" data-id=\"f5fc3dd\" data-element_type=\"widget\" data-widget_type=\"text-editor.default\">\n\t\t\t\t\t\t\t\t\t<h2><span style=\"font-weight: 400;\">Dans quels cas la chirurgie correctrice de la m\u00e2choire est-elle r\u00e9alis\u00e9e ?<\/span><\/h2><p><span style=\"font-weight: 400;\">Les anomalies de la structure de la m\u00e2choire peuvent \u00eatre cong\u00e9nitales chez certaines personnes, tandis qu\u2019elles peuvent appara\u00eetre au cours du d\u00e9veloppement dans d\u2019autres cas. De plus, les traumatismes ou les facteurs g\u00e9n\u00e9tiques peuvent \u00e9galement affecter la structure de la m\u00e2choire. <\/span><\/p><p><span style=\"font-weight: 400;\">Les situations les plus fr\u00e9quentes n\u00e9cessitant une chirurgie correctrice de la m\u00e2choire sont les suivantes :<\/span><\/p><h3><span style=\"font-weight: 400;\">Recul de la m\u00e2choire<\/span><\/h3><p><span style=\"font-weight: 400;\">Le recul de la m\u00e2choire inf\u00e9rieure ou sup\u00e9rieure peut provoquer un d\u00e9s\u00e9quilibre du profil facial. Cette situation peut \u00e9galement affecter la fonction masticatoire. <\/span><\/p><h3><span style=\"font-weight: 400;\">Avanc\u00e9e de la m\u00e2choire<\/span><\/h3><p><span style=\"font-weight: 400;\">Lorsque la m\u00e2choire inf\u00e9rieure est excessivement avanc\u00e9e, une protrusion marqu\u00e9e peut appara\u00eetre dans le profil facial. Cette situation est g\u00e9n\u00e9ralement corrig\u00e9e par chirurgie orthognathique. <\/span><\/p><h3><span style=\"font-weight: 400;\">Asym\u00e9trie de la m\u00e2choire<\/span><\/h3><p><span style=\"font-weight: 400;\">Lorsque les c\u00f4t\u00e9s droit et gauche de la m\u00e2choire sont dans des positions diff\u00e9rentes, la sym\u00e9trie du visage est alt\u00e9r\u00e9e. Une intervention chirurgicale permet de r\u00e9tablir l\u2019\u00e9quilibre de la m\u00e2choire. <\/span><\/p><h3><span style=\"font-weight: 400;\">B\u00e9ance<\/span><\/h3><p><span style=\"font-weight: 400;\">Il s\u2019agit de l\u2019absence de contact entre les dents sup\u00e9rieures et inf\u00e9rieures. Cette situation peut affecter n\u00e9gativement la parole et la mastication. <\/span><\/p><h3><span style=\"font-weight: 400;\">Occlusion crois\u00e9e<\/span><\/h3><p><span style=\"font-weight: 400;\">Il s\u2019agit d\u2019une mauvaise position de fermeture entre les dents sup\u00e9rieures et inf\u00e9rieures. \u00c0 long terme, cela peut entra\u00eener des probl\u00e8mes dentaires et maxillaires. <\/span><\/p><h2><span style=\"font-weight: 400;\">Comment se d\u00e9roule la chirurgie correctrice de la m\u00e2choire ?<\/span><\/h2><p><span style=\"font-weight: 400;\">La chirurgie correctrice de la m\u00e2choire est g\u00e9n\u00e9ralement r\u00e9alis\u00e9e sous anesth\u00e9sie g\u00e9n\u00e9rale. La dur\u00e9e de l\u2019intervention peut varier selon l\u2019ampleur des proc\u00e9dures \u00e0 effectuer. <\/span><\/p><p><span style=\"font-weight: 400;\">Le processus chirurgical comprend g\u00e9n\u00e9ralement les \u00e9tapes suivantes :<\/span><\/p><ol><li style=\"font-weight: 400;\" aria-level=\"1\"><span style=\"font-weight: 400;\">Planification du traitement : la structure du visage, la position de la m\u00e2choire et l\u2019occlusion dentaire du patient sont \u00e9valu\u00e9es en d\u00e9tail.<\/span><\/li><li style=\"font-weight: 400;\" aria-level=\"1\"><span style=\"font-weight: 400;\">Phase de pr\u00e9paration orthodontique : chez de nombreux patients, un traitement orthodontique avec appareil dentaire est r\u00e9alis\u00e9 avant l\u2019op\u00e9ration.<\/span><\/li><li style=\"font-weight: 400;\" aria-level=\"1\"><span style=\"font-weight: 400;\">Intervention chirurgicale : les os de la m\u00e2choire sont sectionn\u00e9s de mani\u00e8re contr\u00f4l\u00e9e puis repositionn\u00e9s correctement.<\/span><\/li><li style=\"font-weight: 400;\" aria-level=\"1\"><span style=\"font-weight: 400;\">Fixation des os : les os sont stabilis\u00e9s \u00e0 l\u2019aide de plaques et de vis en titane.<\/span><\/li><li style=\"font-weight: 400;\" aria-level=\"1\"><span style=\"font-weight: 400;\">D\u00e9but du processus de gu\u00e9rison<\/span><\/li><\/ol><p><span style=\"font-weight: 400;\">L\u2019op\u00e9ration est g\u00e9n\u00e9ralement r\u00e9alis\u00e9e par des incisions \u00e0 l\u2019int\u00e9rieur de la bouche. Ainsi, dans la plupart des cas, aucune cicatrice visible de l\u2019ext\u00e9rieur ne subsiste. <\/span><\/p><h2><span style=\"font-weight: 400;\">Les avantages de la chirurgie correctrice de la m\u00e2choire<\/span><\/h2><p><span style=\"font-weight: 400;\">La chirurgie orthognathique n\u2019est pas seulement une intervention esth\u00e9tique. Elle apporte \u00e9galement de nombreux b\u00e9n\u00e9fices fonctionnels. <\/span><\/p><p><span style=\"font-weight: 400;\">Les principaux avantages de la chirurgie correctrice de la m\u00e2choire sont :<\/span><\/p><ul><li style=\"font-weight: 400;\" aria-level=\"1\"><span style=\"font-weight: 400;\">L\u2019\u00e9quilibrage du profil facial<\/span><\/li><li style=\"font-weight: 400;\" aria-level=\"1\"><span style=\"font-weight: 400;\">L\u2019am\u00e9lioration de la fonction masticatoire<\/span><\/li><li style=\"font-weight: 400;\" aria-level=\"1\"><span style=\"font-weight: 400;\">La correction des probl\u00e8mes de parole<\/span><\/li><li style=\"font-weight: 400;\" aria-level=\"1\"><span style=\"font-weight: 400;\">L\u2019am\u00e9lioration de l\u2019occlusion dentaire<\/span><\/li><li style=\"font-weight: 400;\" aria-level=\"1\"><span style=\"font-weight: 400;\">L\u2019augmentation de la sym\u00e9trie du visage<\/span><\/li><li style=\"font-weight: 400;\" aria-level=\"1\"><span style=\"font-weight: 400;\">La r\u00e9duction de la pression exerc\u00e9e sur l\u2019articulation de la m\u00e2choire<\/span><\/li><\/ul><p><span style=\"font-weight: 400;\">Pour cette raison, la chirurgie orthognathique est consid\u00e9r\u00e9e comme un traitement \u00e0 la fois esth\u00e9tique et fonctionnel.<\/span><\/p><h2><span style=\"font-weight: 400;\">Le processus de gu\u00e9rison apr\u00e8s une chirurgie correctrice de la m\u00e2choire<\/span><\/h2><p><span style=\"font-weight: 400;\">Le processus de gu\u00e9rison apr\u00e8s une chirurgie correctrice de la m\u00e2choire peut varier d\u2019un patient \u00e0 l\u2019autre. Cependant, un retour \u00e0 la vie quotidienne est g\u00e9n\u00e9ralement possible apr\u00e8s quelques semaines. <\/span><\/p><p><span style=\"font-weight: 400;\">Certains points doivent \u00eatre respect\u00e9s pendant la p\u00e9riode postop\u00e9ratoire.<\/span><\/p><h3><span style=\"font-weight: 400;\">Les premiers jours<\/span><\/h3><p><span style=\"font-weight: 400;\">Apr\u00e8s l\u2019op\u00e9ration, un gonflement et une l\u00e9g\u00e8re douleur peuvent appara\u00eetre au niveau du visage. Cette situation est g\u00e9n\u00e9ralement temporaire. <\/span><\/p><h3><span style=\"font-weight: 400;\">Alimentation<\/span><\/h3><p><span style=\"font-weight: 400;\">Durant les premi\u00e8res semaines, il est recommand\u00e9 de consommer des aliments mous ou liquides.<\/span><\/p><h3><span style=\"font-weight: 400;\">Gonflements et ecchymoses<\/span><\/h3><p><span style=\"font-weight: 400;\">Les gonflements diminuent g\u00e9n\u00e9ralement au cours de la premi\u00e8re semaine et disparaissent en grande partie apr\u00e8s quelques semaines.<\/span><\/p><h3><span style=\"font-weight: 400;\">Contr\u00f4les<\/span><\/h3><p><span style=\"font-weight: 400;\">Les contr\u00f4les m\u00e9dicaux sont importants afin d\u2019assurer un bon d\u00e9roulement du processus de gu\u00e9rison.<\/span><\/p><p><span style=\"font-weight: 400;\">Le r\u00e9tablissement complet peut g\u00e9n\u00e9ralement prendre plusieurs mois.<\/span><\/p><h2><span style=\"font-weight: 400;\">La chirurgie correctrice de la m\u00e2choire est-elle risqu\u00e9e ?<\/span><\/h2><p><span style=\"font-weight: 400;\">Comme toute intervention chirurgicale, la chirurgie orthognathique comporte certains risques. Cependant, lorsque l\u2019op\u00e9ration est r\u00e9alis\u00e9e par des chirurgiens exp\u00e9riment\u00e9s, le risque de complications reste tr\u00e8s faible. <\/span><\/p><p><span style=\"font-weight: 400;\">Les risques possibles peuvent \u00eatre :<\/span><\/p><ul><li style=\"font-weight: 400;\" aria-level=\"1\"><span style=\"font-weight: 400;\">Un engourdissement temporaire<\/span><\/li><li style=\"font-weight: 400;\" aria-level=\"1\"><span style=\"font-weight: 400;\">Des gonflements et ecchymoses<\/span><\/li><li style=\"font-weight: 400;\" aria-level=\"1\"><span style=\"font-weight: 400;\">Un risque d\u2019infection<\/span><\/li><li style=\"font-weight: 400;\" aria-level=\"1\"><span style=\"font-weight: 400;\">Rarement, des modifications de la sensibilit\u00e9<\/span><\/li><\/ul><p><span style=\"font-weight: 400;\">L\u2019\u00e9valuation d\u00e9taill\u00e9e r\u00e9alis\u00e9e avant l\u2019op\u00e9ration et une planification chirurgicale correcte permettent de minimiser ces risques.<\/span><\/p><h2><span style=\"font-weight: 400;\">Combien de temps dure la chirurgie correctrice de la m\u00e2choire ?<\/span><\/h2><p><span style=\"font-weight: 400;\">La dur\u00e9e de l\u2019op\u00e9ration peut varier selon l\u2019ampleur des proc\u00e9dures \u00e0 r\u00e9aliser.<\/span><\/p><p><span style=\"font-weight: 400;\">En g\u00e9n\u00e9ral, les op\u00e9rations de chirurgie orthognathique durent entre 2 et 4 heures.<\/span><\/p><p><span style=\"font-weight: 400;\">Dans certains cas, seule la m\u00e2choire inf\u00e9rieure est op\u00e9r\u00e9e, tandis que chez certains patients, les m\u00e2choires sup\u00e9rieure et inf\u00e9rieure peuvent \u00eatre corrig\u00e9es au cours de la m\u00eame intervention.<\/span><\/p><h2><span style=\"font-weight: 400;\">Les r\u00e9sultats de la chirurgie correctrice de la m\u00e2choire<\/span><\/h2><p><span style=\"font-weight: 400;\">Apr\u00e8s une chirurgie correctrice de la m\u00e2choire, des am\u00e9liorations significatives peuvent \u00eatre observ\u00e9es tant sur le plan esth\u00e9tique du visage que sur les fonctions buccales.<\/span><\/p><p><span style=\"font-weight: 400;\">Apr\u00e8s une chirurgie orthognathique r\u00e9ussie :<\/span><\/p><ul><li style=\"font-weight: 400;\" aria-level=\"1\"><span style=\"font-weight: 400;\">Le profil facial devient plus \u00e9quilibr\u00e9<\/span><\/li><li style=\"font-weight: 400;\" aria-level=\"1\"><span style=\"font-weight: 400;\">La fonction masticatoire s\u2019am\u00e9liore<\/span><\/li><li style=\"font-weight: 400;\" aria-level=\"1\"><span style=\"font-weight: 400;\">L\u2019occlusion dentaire est corrig\u00e9e<\/span><\/li><li style=\"font-weight: 400;\" aria-level=\"1\"><span style=\"font-weight: 400;\">La pression exerc\u00e9e sur l\u2019articulation temporo-mandibulaire diminue<\/span><\/li><\/ul><p><span style=\"font-weight: 400;\">Pour cette raison, la chirurgie orthognathique peut constituer une option th\u00e9rapeutique importante pour de nombreux patients, tant sur le plan fonctionnel qu\u2019esth\u00e9tique.<\/span><\/p><h2><span style=\"font-weight: 400;\">\u00c9valuation sp\u00e9cialis\u00e9e pour une chirurgie correctrice de la m\u00e2choire<\/span><\/h2><p><span style=\"font-weight: 400;\">Afin d\u2019\u00e9valuer correctement les anomalies de la structure de la m\u00e2choire, un examen d\u00e9taill\u00e9 par un chirurgien maxillo-facial sp\u00e9cialis\u00e9 est n\u00e9cessaire.<\/span><\/p><p><span style=\"font-weight: 400;\">Au cours du processus d\u2019examen, les \u00e9valuations suivantes sont g\u00e9n\u00e9ralement r\u00e9alis\u00e9es :<\/span><\/p><ul><li style=\"font-weight: 400;\" aria-level=\"1\"><span style=\"font-weight: 400;\">Analyse de la m\u00e2choire et du visage<\/span><\/li><li style=\"font-weight: 400;\" aria-level=\"1\"><span style=\"font-weight: 400;\">\u00c9valuation de l\u2019occlusion dentaire<\/span><\/li><li style=\"font-weight: 400;\" aria-level=\"1\"><span style=\"font-weight: 400;\">Radiographies et imagerie 3D<\/span><\/li><li style=\"font-weight: 400;\" aria-level=\"1\"><span style=\"font-weight: 400;\">Planification orthodontique<\/span><\/li><\/ul><p><span style=\"font-weight: 400;\">\u00c0 la suite de ces \u00e9valuations, le plan de traitement le plus adapt\u00e9 au patient est \u00e9tabli.<\/span><\/p><h2><span style=\"font-weight: 400;\">Obtenez des informations sur la chirurgie correctrice de la m\u00e2choire<\/span><\/h2><p><span style=\"font-weight: 400;\">Les anomalies de la structure de la m\u00e2choire peuvent provoquer des probl\u00e8mes \u00e0 la fois esth\u00e9tiques et fonctionnels. Aujourd\u2019hui, gr\u00e2ce aux techniques chirurgicales avanc\u00e9es, ces probl\u00e8mes peuvent \u00eatre trait\u00e9s avec succ\u00e8s. <\/span><\/p><p><span style=\"font-weight: 400;\">Afin d\u2019obtenir des informations d\u00e9taill\u00e9es sur la chirurgie correctrice de la m\u00e2choire et de d\u00e9couvrir les options de traitement adapt\u00e9es \u00e0 votre situation, il est recommand\u00e9 de consulter un m\u00e9decin sp\u00e9cialiste.<\/span><\/p><p> <\/p>\t\t\t\t\t\t\t\t<\/div>\n\t\t\t\t\t<\/div>\r\n\t\t\t\t<\/div>\r\n\t\t\t\t<\/div>\n\t\t","protected":false},"excerpt":{"rendered":"<p>Dt. Tar\u0131k Ahmet Qu\u2019est-ce que la chirurgie correctrice de la m\u00e2choire ? La chirurgie correctrice de la m\u00e2choire est une op\u00e9ration permettant de repositionner chirurgicalement les os de la m\u00e2choire inf\u00e9rieure (mandibule) et de la m\u00e2choire sup\u00e9rieure (maxillaire). Lors de cette intervention, les os de la m\u00e2choire sont sectionn\u00e9s de mani\u00e8re contr\u00f4l\u00e9e \u00e0 certains points, [&hellip;]<\/p>\n","protected":false},"author":1,"featured_media":0,"parent":0,"menu_order":0,"comment_status":"closed","ping_status":"closed","template":"","meta":{"footnotes":""},"class_list":["post-3984","page","type-page","status-publish","hentry"],"_links":{"self":[{"href":"https:\/\/www.tarikahmet.com\/fr\/wp-json\/wp\/v2\/pages\/3984","targetHints":{"allow":["GET"]}}],"collection":[{"href":"https:\/\/www.tarikahmet.com\/fr\/wp-json\/wp\/v2\/pages"}],"about":[{"href":"https:\/\/www.tarikahmet.com\/fr\/wp-json\/wp\/v2\/types\/page"}],"author":[{"embeddable":true,"href":"https:\/\/www.tarikahmet.com\/fr\/wp-json\/wp\/v2\/users\/1"}],"replies":[{"embeddable":true,"href":"https:\/\/www.tarikahmet.com\/fr\/wp-json\/wp\/v2\/comments?post=3984"}],"version-history":[{"count":2,"href":"https:\/\/www.tarikahmet.com\/fr\/wp-json\/wp\/v2\/pages\/3984\/revisions"}],"predecessor-version":[{"id":4226,"href":"https:\/\/www.tarikahmet.com\/fr\/wp-json\/wp\/v2\/pages\/3984\/revisions\/4226"}],"wp:attachment":[{"href":"https:\/\/www.tarikahmet.com\/fr\/wp-json\/wp\/v2\/media?parent=3984"}],"curies":[{"name":"wp","href":"https:\/\/api.w.org\/{rel}","templated":true}]}}